{"version":"1.0","provider_name":"Norre Ty&ouml;terveys","provider_url":"https:\/\/norre.fi\/en","author_name":"Jenni Hintsala","author_url":"https:\/\/norre.fi\/en\/author\/jenni-hintsala\/","title":"Mit\u00e4 on lyhytterapia? - Norre Ty&ouml;terveys","type":"rich","width":600,"height":338,"html":"<blockquote class=\"wp-embedded-content\" data-secret=\"vi0pYQtISk\"><a href=\"https:\/\/norre.fi\/en\/tyoterveys\/mita-on-lyhytterapia\/\">What is short-term therapy?<\/a><\/blockquote><iframe sandbox=\"allow-scripts\" security=\"restricted\" src=\"https:\/\/norre.fi\/en\/tyoterveys\/mita-on-lyhytterapia\/embed\/#?secret=vi0pYQtISk\" width=\"600\" height=\"338\" title=\"&#8220;Mit\u00e4 on lyhytterapia?&#8221; &#8212; Norre Ty&ouml;terveys\" data-secret=\"vi0pYQtISk\" frameborder=\"0\" marginwidth=\"0\" marginheight=\"0\" scrolling=\"no\" class=\"wp-embedded-content\"><\/iframe><script>\n\/*! This file is auto-generated *\/\n!function(d,l){\"use strict\";l.querySelector&&d.addEventListener&&\"undefined\"!=typeof URL&&(d.wp=d.wp||{},d.wp.receiveEmbedMessage||(d.wp.receiveEmbedMessage=function(e){var t=e.data;if((t||t.secret||t.message||t.value)&&!\/[^a-zA-Z0-9]\/.test(t.secret)){for(var s,r,n,a=l.querySelectorAll('iframe[data-secret=\"'+t.secret+'\"]'),o=l.querySelectorAll('blockquote[data-secret=\"'+t.secret+'\"]'),c=new RegExp(\"^https?:$\",\"i\"),i=0;i<o.length;i++)o[i].style.display=\"none\";for(i=0;i<a.length;i++)s=a[i],e.source===s.contentWindow&&(s.removeAttribute(\"style\"),\"height\"===t.message?(1e3<(r=parseInt(t.value,10))?r=1e3:~~r<200&&(r=200),s.height=r):\"link\"===t.message&&(r=new URL(s.getAttribute(\"src\")),n=new URL(t.value),c.test(n.protocol))&&n.host===r.host&&l.activeElement===s&&(d.top.location.href=t.value))}},d.addEventListener(\"message\",d.wp.receiveEmbedMessage,!1),l.addEventListener(\"DOMContentLoaded\",function(){for(var e,t,s=l.querySelectorAll(\"iframe.wp-embedded-content\"),r=0;r<s.length;r++)(t=(e=s[r]).getAttribute(\"data-secret\"))||(t=Math.random().toString(36).substring(2,12),e.src+=\"#?secret=\"+t,e.setAttribute(\"data-secret\",t)),e.contentWindow.postMessage({message:\"ready\",secret:t},\"*\")},!1)))}(window,document);\n\/\/# sourceURL=https:\/\/norre.fi\/wp-includes\/js\/wp-embed.min.js\n<\/script>","thumbnail_url":"https:\/\/norre.fi\/wp-content\/uploads\/2024\/03\/shutterstock_2108610926.jpg","thumbnail_width":2500,"thumbnail_height":1666,"description":"Oletko t\u00f6rm\u00e4nnyt tilanteeseen, jolloin ty\u00f6yhteis\u00f6n j\u00e4senell\u00e4 on ilmennyt kuormitusta niin, ett\u00e4 se n\u00e4kyy p\u00e4ivitt\u00e4isess\u00e4 ty\u00f6skentelyss\u00e4 ja jaksamisessa? Ty\u00f6olojen kehitt\u00e4minen ei riit\u00e4, vaan kuormitus painottuu nimenomaan henkil\u00f6kohtaiseen el\u00e4m\u00e4\u00e4n? Usein ajatus harhautuu t\u00e4ss\u00e4 kohtaa lokeroimaan asiat ty\u00f6- ja siviilipuolen asioihin. \u201cAnteeksi ett\u00e4 puhun t\u00e4st\u00e4, kun t\u00e4m\u00e4 ei ole ty\u00f6asia\u201d tai \u201cToivottavasti h\u00e4n hoitaa itsens\u00e4 kuntoon\u201d, ovat tyypillisi\u00e4 [&hellip;]"}